{"id":1149,"date":"2022-10-18T09:06:14","date_gmt":"2022-10-18T09:06:14","guid":{"rendered":"https:\/\/amazingbeaujolais.fr\/?page_id=1149"},"modified":"2022-12-02T15:52:51","modified_gmt":"2022-12-02T15:52:51","slug":"duplicated-lequipe-822","status":"publish","type":"page","link":"https:\/\/amazingbeaujolais.fr\/en\/duplicated-lequipe-822\/","title":{"rendered":"Duplicated: L&#8217;\u00e9quipe &#8211; [#822]"},"content":{"rendered":"<div data-elementor-type=\"wp-page\" data-elementor-id=\"1149\" class=\"elementor elementor-1149\">\n\t\t\t\t\t\t<section data-particle_enable=\"false\" data-particle-mobile-disabled=\"false\" class=\"elementor-section elementor-top-section elementor-element elementor-element-8905ec6 elementor-section-boxed elementor-section-height-default elementor-section-height-default\" data-id=\"8905ec6\" data-element_type=\"section\">\n\t\t\t\t\t\t<div class=\"elementor-container elementor-column-gap-default\">\n\t\t\t\t\t<div class=\"elementor-column elementor-col-100 elementor-top-column elementor-element elementor-element-839585f\" data-id=\"839585f\" data-element_type=\"column\">\n\t\t\t<div class=\"elementor-widget-wrap elementor-element-populated\">\n\t\t\t\t\t\t<div class=\"elementor-element elementor-element-3f480ea elementor-widget elementor-widget-heading\" data-id=\"3f480ea\" data-element_type=\"widget\" data-widget_type=\"heading.default\">\n\t\t\t\t<div class=\"elementor-widget-container\">\n\t\t\t<h2 class=\"elementor-heading-title elementor-size-default\">Our team<\/h2>\t\t<\/div>\n\t\t\t\t<\/div>\n\t\t\t\t<section data-particle_enable=\"false\" data-particle-mobile-disabled=\"false\" class=\"elementor-section elementor-inner-section elementor-element elementor-element-4ded648 elementor-section-boxed elementor-section-height-default elementor-section-height-default\" data-id=\"4ded648\" data-element_type=\"section\">\n\t\t\t\t\t\t<div class=\"elementor-container elementor-column-gap-default\">\n\t\t\t\t\t<div class=\"elementor-column elementor-col-33 elementor-inner-column elementor-element elementor-element-8c92348\" data-id=\"8c92348\" data-element_type=\"column\">\n\t\t\t<div class=\"elementor-widget-wrap elementor-element-populated\">\n\t\t\t\t\t\t<div class=\"elementor-element elementor-element-b549234 eael-infobox-content-align--center eael-infobox-shape-square eael-infobox-hover-img-shape-square elementor-widget elementor-widget-eael-info-box\" data-id=\"b549234\" data-element_type=\"widget\" data-widget_type=\"eael-info-box.default\">\n\t\t\t\t<div class=\"elementor-widget-container\">\n\t\t\t        <div class=\"eael-infobox\">\n\t            <div class=\"infobox-icon\">\n\n                            <img decoding=\"async\" src=\"https:\/\/amazingbeaujolais.fr\/wp-content\/uploads\/2021\/11\/academie-villefranche.png\" alt=\"AMAZING BEAUJOLAIS - ACADEMIE DES SCIENCES ARTS ET LETTRES\">\n            \n            \n            \n        <\/div>\n            <div class=\"infobox-content\">\n            <h2 class=\"title\">Villefranche \nand the Beaujolais Academy<\/h2><div><p>Issue d\u2019une Soci\u00e9t\u00e9 particuli\u00e8re de Gens de Lettres qui,\u00a0 d\u00e8s 1667, forment des assembl\u00e9es priv\u00e9es avec le soutien de l&#8217;archev\u00eaque de Lyon, elle obtient, en 1695, des Lettres Patentes qui l\u2019\u00e9rigent en Acad\u00e9mie Royale. Sa devise est une rose de diamant avec ces mots &#8220;Mutuo clarescimus igne&#8221;.<br \/>L\u2019Acad\u00e9mie aujourd&#8217;hui regroupe environ 200 membres parmi lesquels 40 acad\u00e9miciens titulaires. On pourrait sans pr\u00e9tention aucune, la qualifier d&#8217;\u00ab Universit\u00e9 des Savoirs \u00bb, car son but est de promouvoir, \u00e0 travers ses publications et conf\u00e9rences mensuelles tout ce qui touche aux Sciences, aux Arts et aux Lettres.<br \/>It belongs to the National Conference of the Academies.<\/p><p>\u00a0<\/p><\/div>        <\/div>\n            <\/div>\n\n\t\t\t\t<\/div>\n\t\t\t\t<\/div>\n\t\t\t\t\t<\/div>\n\t\t<\/div>\n\t\t\t\t<div class=\"elementor-column elementor-col-33 elementor-inner-column elementor-element elementor-element-60c6e94\" data-id=\"60c6e94\" data-element_type=\"column\">\n\t\t\t<div class=\"elementor-widget-wrap elementor-element-populated\">\n\t\t\t\t\t\t<div class=\"elementor-element elementor-element-a34e403 eael-infobox-content-align--center eael-infobox-shape-square eael-infobox-hover-img-shape-square elementor-widget elementor-widget-eael-info-box\" data-id=\"a34e403\" data-element_type=\"widget\" data-widget_type=\"eael-info-box.default\">\n\t\t\t\t<div class=\"elementor-widget-container\">\n\t\t\t        <div class=\"eael-infobox\">\n\t            <div class=\"infobox-icon\">\n\n                            <img decoding=\"async\" src=\"https:\/\/amazingbeaujolais.fr\/wp-content\/uploads\/2021\/11\/LOGO-GEOPARC-1120-01.png\" alt=\"AMAZING BEAUJOLAIS - UNESCO GLOBAL GEOPARK\">\n            \n            \n            \n        <\/div>\n            <div class=\"infobox-content\">\n            <h2 class=\"title\">Beaujolais UNESCO Global Geopark<\/h2><div><p>Since 2018, Beaujolais has been part of the large family of \u201cUNESCO Global Geoparks\u201d! <br \/>Le Beaujolais a h\u00e9rit\u00e9 d\u2019une g\u00e9ologie riche et complexe. La diversit\u00e9 de son sous-sol et de ses paysages est n\u00e9e de la convergence de nombreux ph\u00e9nom\u00e8nes et structures g\u00e9ologiques qui laissent une empreinte marqu\u00e9e dans le cadre de vie des hommes de ce territoire. Cette histoire, vieille de plusieurs centaines de millions d\u2019ann\u00e9es, se conjugue ici au pr\u00e9sent, dans les activit\u00e9s de l&#8217;Homme, l&#8217;histoire, le patrimoine, la culture et la vie de cette r\u00e9gion.<\/p><\/div>        <\/div>\n            <\/div>\n\n\t\t\t\t<\/div>\n\t\t\t\t<\/div>\n\t\t\t\t\t<\/div>\n\t\t<\/div>\n\t\t\t\t<div class=\"elementor-column elementor-col-33 elementor-inner-column elementor-element elementor-element-cfd65f5\" data-id=\"cfd65f5\" data-element_type=\"column\">\n\t\t\t<div class=\"elementor-widget-wrap elementor-element-populated\">\n\t\t\t\t\t\t<div class=\"elementor-element elementor-element-570e0b8 eael-infobox-content-align--center eael-infobox-shape-square eael-infobox-hover-img-shape-square elementor-widget elementor-widget-eael-info-box\" data-id=\"570e0b8\" data-element_type=\"widget\" data-widget_type=\"eael-info-box.default\">\n\t\t\t\t<div class=\"elementor-widget-container\">\n\t\t\t        <div class=\"eael-infobox\">\n\t            <div class=\"infobox-icon\">\n\n                            <img decoding=\"async\" src=\"https:\/\/amazingbeaujolais.fr\/wp-content\/uploads\/2021\/11\/Chirat_Logo.png\" alt=\"AMAZING BEAUJOLAIS - IMPRIMERIE CHIRAT\">\n            \n            \n            \n        <\/div>\n            <div class=\"infobox-content\">\n            <h2 class=\"title\">Chirat Printing Company<\/h2><div><p>The Chirat Printing Company is located in the Auvergne-Rh\u00f4ne-Alpes region. Labeled Living Heritage Company, Chirat printing offers four generations of printers, more than 100 years of experience and a high-performance industrial tool for a top-of-the-range tailor-made service. Chirat Printing<br \/>uses French paper and contributes to the sustainable and responsible forests management.<\/p><\/div>        <\/div>\n            <\/div>\n\n\t\t\t\t<\/div>\n\t\t\t\t<\/div>\n\t\t\t\t\t<\/div>\n\t\t<\/div>\n\t\t\t\t\t<\/div>\n\t\t<\/section>\n\t\t\t\t\t<\/div>\n\t\t<\/div>\n\t\t\t\t\t<\/div>\n\t\t<\/section>\n\t\t\t\t<section data-particle_enable=\"false\" data-particle-mobile-disabled=\"false\" class=\"elementor-section elementor-top-section elementor-element elementor-element-dd1cd71 elementor-section-boxed elementor-section-height-default elementor-section-height-default\" data-id=\"dd1cd71\" data-element_type=\"section\">\n\t\t\t\t\t\t<div class=\"elementor-container elementor-column-gap-default\">\n\t\t\t\t\t<div class=\"elementor-column elementor-col-100 elementor-top-column elementor-element elementor-element-68c3e2c\" data-id=\"68c3e2c\" data-element_type=\"column\">\n\t\t\t<div class=\"elementor-widget-wrap elementor-element-populated\">\n\t\t\t\t\t\t<section data-particle_enable=\"false\" data-particle-mobile-disabled=\"false\" class=\"elementor-section elementor-inner-section elementor-element elementor-element-b96bc61 elementor-section-boxed elementor-section-height-default elementor-section-height-default\" data-id=\"b96bc61\" data-element_type=\"section\">\n\t\t\t\t\t\t<div class=\"elementor-container elementor-column-gap-default\">\n\t\t\t\t\t<div class=\"elementor-column elementor-col-33 elementor-inner-column elementor-element elementor-element-7b35695\" data-id=\"7b35695\" data-element_type=\"column\">\n\t\t\t<div class=\"elementor-widget-wrap elementor-element-populated\">\n\t\t\t\t\t\t<div class=\"elementor-element elementor-element-eeeb134 eael-infobox-content-align--center eael-infobox-shape-square eael-infobox-hover-img-shape-square elementor-widget elementor-widget-eael-info-box\" data-id=\"eeeb134\" data-element_type=\"widget\" data-widget_type=\"eael-info-box.default\">\n\t\t\t\t<div class=\"elementor-widget-container\">\n\t\t\t        <div class=\"eael-infobox\">\n\t            <div class=\"infobox-icon\">\n\n                            <img decoding=\"async\" src=\"https:\/\/amazingbeaujolais.fr\/wp-content\/uploads\/2021\/11\/AMAZING-DAVID-BESSENAY.png\" alt=\"AMAZING BEAUJOLAIS - DAVID BESSENAY - journaliste, \u00e9crivain\">\n            \n            \n            \n        <\/div>\n            <div class=\"infobox-content\">\n            <h2 class=\"title\">Bessenay David<\/h2><div><p>Natif de Clochemerle (Vaux-en-Beaujolais), David Bessenay exerce la profession de journaliste sp\u00e9cialis\u00e9 en agriculture depuis une vingtaine d\u2019ann\u00e9es. Amoureux du Beaujolais, il a \u00e9crit plusieurs ouvrages (roman, essai, histoire) sur son terroir de pr\u00e9dilection. Il est \u00e9galement le sc\u00e9nariste de la bande-dessin\u00e9e &#8220;Les aventures des fr\u00e8res Bomppi\u00e9&#8221;<\/p><\/div>        <\/div>\n            <\/div>\n\n\t\t\t\t<\/div>\n\t\t\t\t<\/div>\n\t\t\t\t\t<\/div>\n\t\t<\/div>\n\t\t\t\t<div class=\"elementor-column elementor-col-33 elementor-inner-column elementor-element elementor-element-eb8b23f\" data-id=\"eb8b23f\" data-element_type=\"column\">\n\t\t\t<div class=\"elementor-widget-wrap elementor-element-populated\">\n\t\t\t\t\t\t<div class=\"elementor-element elementor-element-45ec821 eael-infobox-content-align--center eael-infobox-shape-square eael-infobox-hover-img-shape-square elementor-widget elementor-widget-eael-info-box\" data-id=\"45ec821\" data-element_type=\"widget\" data-widget_type=\"eael-info-box.default\">\n\t\t\t\t<div class=\"elementor-widget-container\">\n\t\t\t        <div class=\"eael-infobox\">\n\t            <div class=\"infobox-icon\">\n\n                            <img decoding=\"async\" src=\"https:\/\/amazingbeaujolais.fr\/wp-content\/uploads\/2022\/10\/IMG_6582-scaled.jpg\" alt=\"\">\n            \n            \n            \n        <\/div>\n            <div class=\"infobox-content\">\n            <h2 class=\"title\">Sommier Fabrice<\/h2><div><p>C&#8217;est le vin qui guide cet homme au fil de ses \u00e9tudes puis de sa vie professionnelle. Meilleur Ouvrier de France en Sommellerie (2007), Meilleur Sommelier en vins de Porto du Master of Porto (2010). Premi\u00e8re place pour le Prix du Meilleur Accord Cigare et Boisson alcoolis\u00e9e en 2013 et 2014 au Habano Sommelier. M\u00e9daill\u00e9 d&#8217;or et titre de Best of Class (major de promotion mondiale) pour la certification ASI (Association de la Sommellerie Internationale) Fabrice Sommier est en qu\u00eate d&#8217;excellence. Audacieux et plein d&#8217;id\u00e9es, il vient de cr\u00e9er la Wine School pour transmettre sa passion.<\/p><\/div>        <\/div>\n            <\/div>\n\n\t\t\t\t<\/div>\n\t\t\t\t<\/div>\n\t\t\t\t\t<\/div>\n\t\t<\/div>\n\t\t\t\t<div class=\"elementor-column elementor-col-33 elementor-inner-column elementor-element elementor-element-f744706\" data-id=\"f744706\" data-element_type=\"column\">\n\t\t\t<div class=\"elementor-widget-wrap elementor-element-populated\">\n\t\t\t\t\t\t<div class=\"elementor-element elementor-element-700c807 eael-infobox-content-align--center eael-infobox-shape-square eael-infobox-hover-img-shape-square elementor-widget elementor-widget-eael-info-box\" data-id=\"700c807\" data-element_type=\"widget\" data-widget_type=\"eael-info-box.default\">\n\t\t\t\t<div class=\"elementor-widget-container\">\n\t\t\t        <div class=\"eael-infobox\">\n\t            <div class=\"infobox-icon\">\n\n                            <img decoding=\"async\" src=\"https:\/\/amazingbeaujolais.fr\/wp-content\/uploads\/2021\/11\/Ludo.png\" alt=\"AMAZING BEAUJOLAIS - LUDOVIC CLAUSEL\">\n            \n            \n            \n        <\/div>\n            <div class=\"infobox-content\">\n            <h2 class=\"title\">Clausel Ludovic<\/h2><div>Born in Calade, married with 2 children, marketer, expatriate in Martinique for more than 25 years, I founded a global communication agency which will celebrate its 20th anniversary in 2022. Epicurean, I drink Beaujolais and my favourite is Juli\u00e9nas. Committed Rotarian, I thrive in the social and humanitarian actions that we lead within the Rotary Club of Lamentin with, as a driving force, this Rotary motto: \"serve to change lives\" and this wise thought from Nelson Mandela: \"I never lose. I either win or learn \u201d.<\/div>        <\/div>\n            <\/div>\n\n\t\t\t\t<\/div>\n\t\t\t\t<\/div>\n\t\t\t\t\t<\/div>\n\t\t<\/div>\n\t\t\t\t\t<\/div>\n\t\t<\/section>\n\t\t\t\t\t<\/div>\n\t\t<\/div>\n\t\t\t\t\t<\/div>\n\t\t<\/section>\n\t\t\t\t<section data-particle_enable=\"false\" data-particle-mobile-disabled=\"false\" class=\"elementor-section elementor-top-section elementor-element elementor-element-1366ac8 elementor-section-boxed elementor-section-height-default elementor-section-height-default\" data-id=\"1366ac8\" data-element_type=\"section\">\n\t\t\t\t\t\t<div class=\"elementor-container elementor-column-gap-default\">\n\t\t\t\t\t<div class=\"elementor-column elementor-col-100 elementor-top-column elementor-element elementor-element-9212685\" data-id=\"9212685\" data-element_type=\"column\">\n\t\t\t<div class=\"elementor-widget-wrap elementor-element-populated\">\n\t\t\t\t\t\t<section data-particle_enable=\"false\" data-particle-mobile-disabled=\"false\" class=\"elementor-section elementor-inner-section elementor-element elementor-element-cd47aa9 elementor-section-boxed elementor-section-height-default elementor-section-height-default\" data-id=\"cd47aa9\" data-element_type=\"section\">\n\t\t\t\t\t\t<div class=\"elementor-container elementor-column-gap-default\">\n\t\t\t\t\t<div class=\"elementor-column elementor-col-33 elementor-inner-column elementor-element elementor-element-c8a3b92\" data-id=\"c8a3b92\" data-element_type=\"column\">\n\t\t\t<div class=\"elementor-widget-wrap elementor-element-populated\">\n\t\t\t\t\t\t<div class=\"elementor-element elementor-element-8894c11 eael-infobox-content-align--center eael-infobox-shape-square eael-infobox-hover-img-shape-square elementor-widget elementor-widget-eael-info-box\" data-id=\"8894c11\" data-element_type=\"widget\" data-widget_type=\"eael-info-box.default\">\n\t\t\t\t<div class=\"elementor-widget-container\">\n\t\t\t        <div class=\"eael-infobox\">\n\t            <div class=\"infobox-icon\">\n\n                            <img decoding=\"async\" src=\"https:\/\/amazingbeaujolais.fr\/wp-content\/uploads\/2021\/11\/denis-laveur.png\" alt=\"AMAZING BEAUJOLAIS - Denis Laveur - photographe professionnel\">\n            \n            \n            \n        <\/div>\n            <div class=\"infobox-content\">\n            <h2 class=\"title\">Laveur Denis<\/h2><div>Photographer since 1976, he has begun in a professional printing laboratory, specialized in black and white. In 2000, he began his photographic production to highlight the beautiful things that cross his eyes, in connection with art de vivre, cooking, air pictures, wine and the people who do it. He also teaches photography in several  schools in Lyon. Recently, he has developed a personal work around his beloved region, Beaujolais.<\/div>        <\/div>\n            <\/div>\n\n\t\t\t\t<\/div>\n\t\t\t\t<\/div>\n\t\t\t\t\t<\/div>\n\t\t<\/div>\n\t\t\t\t<div class=\"elementor-column elementor-col-33 elementor-inner-column elementor-element elementor-element-b2fe50a\" data-id=\"b2fe50a\" data-element_type=\"column\">\n\t\t\t<div class=\"elementor-widget-wrap elementor-element-populated\">\n\t\t\t\t\t\t<div class=\"elementor-element elementor-element-ef95815 eael-infobox-content-align--center eael-infobox-shape-square eael-infobox-hover-img-shape-square elementor-widget elementor-widget-eael-info-box\" data-id=\"ef95815\" data-element_type=\"widget\" data-widget_type=\"eael-info-box.default\">\n\t\t\t\t<div class=\"elementor-widget-container\">\n\t\t\t        <div class=\"eael-infobox\">\n\t            <div class=\"infobox-icon\">\n\n                            <img decoding=\"async\" src=\"https:\/\/amazingbeaujolais.fr\/wp-content\/uploads\/2021\/11\/AMAZING-ERIC-MARTIN.png\" alt=\"AMAZING BEAUJOLAIS - Eric MARTIN - Illustrateur\">\n            \n            \n            \n        <\/div>\n            <div class=\"infobox-content\">\n            <h2 class=\"title\">Martin Eric<\/h2><div>Born in Cerci\u00e9, he graduated from the Emile Cohl school (Lyon) in illustration and comics. After working for communication agencies and a publishing house, he now evolves as a freelance graphic designer and illustrator.<\/div>        <\/div>\n            <\/div>\n\n\t\t\t\t<\/div>\n\t\t\t\t<\/div>\n\t\t\t\t\t<\/div>\n\t\t<\/div>\n\t\t\t\t<div class=\"elementor-column elementor-col-33 elementor-inner-column elementor-element elementor-element-c920871\" data-id=\"c920871\" data-element_type=\"column\">\n\t\t\t<div class=\"elementor-widget-wrap elementor-element-populated\">\n\t\t\t\t\t\t<div class=\"elementor-element elementor-element-0aabb9a eael-infobox-content-align--center eael-infobox-shape-square eael-infobox-hover-img-shape-square elementor-widget elementor-widget-eael-info-box\" data-id=\"0aabb9a\" data-element_type=\"widget\" data-widget_type=\"eael-info-box.default\">\n\t\t\t\t<div class=\"elementor-widget-container\">\n\t\t\t        <div class=\"eael-infobox\">\n\t            <div class=\"infobox-icon\">\n\n                            <img decoding=\"async\" src=\"https:\/\/amazingbeaujolais.fr\/wp-content\/uploads\/2021\/11\/Arnaud.png\" alt=\"AMAZING BEAUJOLAIS - ARNAUD TORRELLI - graphiste\">\n            \n            \n            \n        <\/div>\n            <div class=\"infobox-content\">\n            <h2 class=\"title\">Torrelli Arnaud<\/h2><div>He fell into it when he was little, the magic potion of photoengraving took him very young with his father. Five years of studies in the graphic industries allowed him to improve his knowledge and his experience was reinforced as a business manager at the age of 26 (printing, design studio, advertising and design agency : Communication, photo studio. At 43, a need for additional tools led him to a Master in Business School in order to complete this technical and creative diversity.<\/div>        <\/div>\n            <\/div>\n\n\t\t\t\t<\/div>\n\t\t\t\t<\/div>\n\t\t\t\t\t<\/div>\n\t\t<\/div>\n\t\t\t\t\t<\/div>\n\t\t<\/section>\n\t\t\t\t\t<\/div>\n\t\t<\/div>\n\t\t\t\t\t<\/div>\n\t\t<\/section>\n\t\t\t\t<\/div>","protected":false},"excerpt":{"rendered":"<p>Notre \u00e9quipe Acad\u00e9mie de Villefranche et du Beaujolais Issue d\u2019une Soci\u00e9t\u00e9 particuli\u00e8re de Gens de Lettres qui,&nbsp; d\u00e8s 1667, forment des assembl\u00e9es priv\u00e9es avec le soutien de l&#8217;archev\u00eaque de Lyon, elle obtient, en 1695, des Lettres Patentes qui l\u2019\u00e9rigent en Acad\u00e9mie Royale. Sa devise est une rose de diamant avec ces mots &#8220;Mutuo clarescimus igne&#8221;. [&hellip;]<\/p>","protected":false},"author":2,"featured_media":0,"parent":0,"menu_order":0,"comment_status":"closed","ping_status":"closed","template":"","meta":{"_acf_changed":false,"om_disable_all_campaigns":false,"inline_featured_image":false,"_monsterinsights_skip_tracking":false,"_monsterinsights_sitenote_active":false,"_monsterinsights_sitenote_note":"","_monsterinsights_sitenote_category":0,"jetpack_post_was_ever_published":false,"footnotes":""},"class_list":["post-1149","page","type-page","status-publish","hentry"],"acf":[],"aioseo_notices":[],"jetpack_sharing_enabled":true,"_links":{"self":[{"href":"https:\/\/amazingbeaujolais.fr\/en\/wp-json\/wp\/v2\/pages\/1149","targetHints":{"allow":["GET"]}}],"collection":[{"href":"https:\/\/amazingbeaujolais.fr\/en\/wp-json\/wp\/v2\/pages"}],"about":[{"href":"https:\/\/amazingbeaujolais.fr\/en\/wp-json\/wp\/v2\/types\/page"}],"author":[{"embeddable":true,"href":"https:\/\/amazingbeaujolais.fr\/en\/wp-json\/wp\/v2\/users\/2"}],"replies":[{"embeddable":true,"href":"https:\/\/amazingbeaujolais.fr\/en\/wp-json\/wp\/v2\/comments?post=1149"}],"version-history":[{"count":5,"href":"https:\/\/amazingbeaujolais.fr\/en\/wp-json\/wp\/v2\/pages\/1149\/revisions"}],"predecessor-version":[{"id":1463,"href":"https:\/\/amazingbeaujolais.fr\/en\/wp-json\/wp\/v2\/pages\/1149\/revisions\/1463"}],"wp:attachment":[{"href":"https:\/\/amazingbeaujolais.fr\/en\/wp-json\/wp\/v2\/media?parent=1149"}],"curies":[{"name":"wp","href":"https:\/\/api.w.org\/{rel}","templated":true}]}}